{"id":3328,"date":"2024-04-07T09:49:59","date_gmt":"2024-04-07T07:49:59","guid":{"rendered":"https:\/\/www.lesvigiesduminou.bzh\/?page_id=3328"},"modified":"2024-07-07T16:12:23","modified_gmt":"2024-07-07T14:12:23","slug":"la-promenade-du-minou-les-cables-transatlantiques-sous-marins-du-minou","status":"publish","type":"page","link":"https:\/\/www.lesvigiesduminou.bzh\/index.php\/la-promenade-du-minou\/la-promenade-du-minou-les-cables-transatlantiques-sous-marins-du-minou\/","title":{"rendered":"La promenade du Minou (\u00e9tape 1) : Les c\u00e2bles t\u00e9l\u00e9graphiques transatlantiques sous-marins du Minou"},"content":{"rendered":"\n<figure class=\"wp-block-image aligncenter size-full\"><a href=\"https:\/\/www.lesvigiesduminou.bzh\/wp-content\/uploads\/2024\/04\/Illustrated-London-News-Juin-1869-Chiltern-et-Souffleur-au-Minou-atterrage-du-cable.jpg\"><img loading=\"lazy\" decoding=\"async\" width=\"3543\" height=\"2248\" src=\"https:\/\/www.lesvigiesduminou.bzh\/wp-content\/uploads\/2024\/04\/Illustrated-London-News-Juin-1869-Chiltern-et-Souffleur-au-Minou-atterrage-du-cable.jpg\" alt=\"\" class=\"wp-image-3329\" srcset=\"https:\/\/www.lesvigiesduminou.bzh\/wp-content\/uploads\/2024\/04\/Illustrated-London-News-Juin-1869-Chiltern-et-Souffleur-au-Minou-atterrage-du-cable.jpg 3543w, https:\/\/www.lesvigiesduminou.bzh\/wp-content\/uploads\/2024\/04\/Illustrated-London-News-Juin-1869-Chiltern-et-Souffleur-au-Minou-atterrage-du-cable-300x190.jpg 300w, https:\/\/www.lesvigiesduminou.bzh\/wp-content\/uploads\/2024\/04\/Illustrated-London-News-Juin-1869-Chiltern-et-Souffleur-au-Minou-atterrage-du-cable-1024x650.jpg 1024w, https:\/\/www.lesvigiesduminou.bzh\/wp-content\/uploads\/2024\/04\/Illustrated-London-News-Juin-1869-Chiltern-et-Souffleur-au-Minou-atterrage-du-cable-768x487.jpg 768w, https:\/\/www.lesvigiesduminou.bzh\/wp-content\/uploads\/2024\/04\/Illustrated-London-News-Juin-1869-Chiltern-et-Souffleur-au-Minou-atterrage-du-cable-1536x975.jpg 1536w, https:\/\/www.lesvigiesduminou.bzh\/wp-content\/uploads\/2024\/04\/Illustrated-London-News-Juin-1869-Chiltern-et-Souffleur-au-Minou-atterrage-du-cable-2048x1299.jpg 2048w, https:\/\/www.lesvigiesduminou.bzh\/wp-content\/uploads\/2024\/04\/Illustrated-London-News-Juin-1869-Chiltern-et-Souffleur-au-Minou-atterrage-du-cable-1000x634.jpg 1000w, https:\/\/www.lesvigiesduminou.bzh\/wp-content\/uploads\/2024\/04\/Illustrated-London-News-Juin-1869-Chiltern-et-Souffleur-au-Minou-atterrage-du-cable-230x146.jpg 230w, https:\/\/www.lesvigiesduminou.bzh\/wp-content\/uploads\/2024\/04\/Illustrated-London-News-Juin-1869-Chiltern-et-Souffleur-au-Minou-atterrage-du-cable-350x222.jpg 350w, https:\/\/www.lesvigiesduminou.bzh\/wp-content\/uploads\/2024\/04\/Illustrated-London-News-Juin-1869-Chiltern-et-Souffleur-au-Minou-atterrage-du-cable-480x305.jpg 480w, https:\/\/www.lesvigiesduminou.bzh\/wp-content\/uploads\/2024\/04\/Illustrated-London-News-Juin-1869-Chiltern-et-Souffleur-au-Minou-atterrage-du-cable-24x15.jpg 24w, https:\/\/www.lesvigiesduminou.bzh\/wp-content\/uploads\/2024\/04\/Illustrated-London-News-Juin-1869-Chiltern-et-Souffleur-au-Minou-atterrage-du-cable-36x23.jpg 36w, https:\/\/www.lesvigiesduminou.bzh\/wp-content\/uploads\/2024\/04\/Illustrated-London-News-Juin-1869-Chiltern-et-Souffleur-au-Minou-atterrage-du-cable-48x30.jpg 48w\" sizes=\"auto, (max-width: 3543px) 100vw, 3543px\" \/><\/a><figcaption class=\"wp-element-caption\"><em><strong>Image<\/strong> : Le Chiltern et le Souffleur au Minou pour l&rsquo;atterrage du c\u00e2ble <em>(Illustrated London News, juin 1869)<\/em>, source gallica.bnf.fr \/ BnF&nbsp;<\/em><\/figcaption><\/figure>\n\n\n\n<p class=\"has-background\" style=\"background-color:#f3f3f3\"><strong>Les d\u00e9veloppements technologiques du XIX si\u00e8cle avancent \u00e0 grands pas. La premi\u00e8re ligne t\u00e9l\u00e9graphique terrestre relie Baltimore \u00e0 Washington en 1844. L\u2019Union Internationale des T\u00e9l\u00e9communications adopte le code Morse en 1865. En 1868, la soci\u00e9t\u00e9 du c\u00e2ble t\u00e9l\u00e9graphique fran\u00e7ais obtient une concession exclusive pour exploiter la ligne Paris \/ New-York.<\/strong> <strong>Au Minou, le c\u00e2ble sera immerg\u00e9 sous l&rsquo;Atlantique jusqu&rsquo;\u00e0 Saint-Pierre-et-Miquelon. <\/strong><\/p>\n\n\n\n<div class=\"wp-block-columns are-vertically-aligned-center is-layout-flex wp-container-core-columns-is-layout-28f84493 wp-block-columns-is-layout-flex\">\n<div class=\"wp-block-column is-vertically-aligned-center is-layout-flow wp-block-column-is-layout-flow\">\n<div class=\"wp-block-buttons alignwide is-content-justification-space-between is-layout-flex wp-container-core-buttons-is-layout-b2891da8 wp-block-buttons-is-layout-flex\">\n<div class=\"wp-block-button has-custom-width wp-block-button__width-100 is-style-outline is-style-outline--1\"><a class=\"wp-block-button__link wp-element-button\" href=\"#cable-details\">Pour en savoir plus<\/a><\/div>\n<\/div>\n<\/div>\n\n\n\n<div class=\"wp-block-column is-vertically-aligned-center is-layout-flow wp-block-column-is-layout-flow\">\n<div class=\"wp-block-buttons alignfull is-content-justification-space-between is-layout-flex wp-container-core-buttons-is-layout-b2891da8 wp-block-buttons-is-layout-flex\">\n<div class=\"wp-block-button has-custom-width wp-block-button__width-100 is-style-outline is-style-outline--2\"><a class=\"wp-block-button__link wp-element-button\" href=\"#cable-english\">English summary<\/a><\/div>\n<\/div>\n<\/div>\n\n\n\n<div class=\"wp-block-column is-vertically-aligned-center is-layout-flow wp-block-column-is-layout-flow\">\n<div class=\"wp-block-buttons is-content-justification-space-between is-layout-flex wp-container-core-buttons-is-layout-b2891da8 wp-block-buttons-is-layout-flex\">\n<div class=\"wp-block-button has-custom-width wp-block-button__width-100 is-style-outline is-style-outline--3\"><a class=\"wp-block-button__link wp-element-button\" href=\"#cable-breton\"><strong>Diverrad e brezhoneg<\/strong><\/a><\/div>\n<\/div>\n<\/div>\n<\/div>\n\n\n\n<iframe loading=\"lazy\" width=\"100%\" height=\"500px\" frameborder=\"0\" allowfullscreen allow=\"geolocation\" src=\"\/\/framacarte.org\/fr\/map\/la-promenade-du-minou_183406?scaleControl=true&#038;miniMap=false&#038;scrollWheelZoom=false&#038;zoomControl=true&#038;editMode=disabled&#038;moreControl=false&#038;searchControl=true&#038;tilelayersControl=false&#038;embedControl=false&#038;datalayersControl=false&#038;onLoadPanel=none&#038;captionBar=false&#038;captionMenus=true&#038;locateControl=true&#038;measureControl=false&#038;editinosmControl=false&#038;starControl=false\"><\/iframe>\n\n\n\n<p class=\"has-text-align-center\"><em><strong>Carte<\/strong> : Aper\u00e7u de la promenade du Minou. Vous \u00eates \u00e0 l&rsquo;\u00e9tape 1. <em>Cliquez sur l&rsquo;ic\u00f4ne \u2295 pour vous g\u00e9olocaliser.  <\/em><\/em><\/p>\n\n\n\n<div class=\"wp-block-columns are-vertically-aligned-center is-layout-flex wp-container-core-columns-is-layout-28f84493 wp-block-columns-is-layout-flex\">\n<div class=\"wp-block-column is-vertically-aligned-center is-layout-flow wp-block-column-is-layout-flow\">\n<div class=\"wp-block-buttons alignwide is-content-justification-space-between is-layout-flex wp-container-core-buttons-is-layout-b2891da8 wp-block-buttons-is-layout-flex\">\n<div class=\"wp-block-button has-custom-width wp-block-button__width-100 is-style-outline is-style-outline--4\"><a class=\"wp-block-button__link wp-element-button\" href=\"https:\/\/www.lesvigiesduminou.bzh\/index.php\/la-promenade-du-minou\/\">La promenade<\/a><\/div>\n<\/div>\n<\/div>\n\n\n\n<div class=\"wp-block-column is-vertically-aligned-center is-layout-flow wp-block-column-is-layout-flow\">\n<div class=\"wp-block-buttons alignfull is-content-justification-space-between is-layout-flex wp-container-core-buttons-is-layout-b2891da8 wp-block-buttons-is-layout-flex\">\n<div class=\"wp-block-button has-custom-width wp-block-button__width-100 is-style-outline is-style-outline--5\"><a class=\"wp-block-button__link wp-element-button\" href=\"#cable-resume-promenade\">toutes les \u00e9tapes<\/a><\/div>\n<\/div>\n<\/div>\n\n\n\n<div class=\"wp-block-column is-vertically-aligned-center is-layout-flow wp-block-column-is-layout-flow\">\n<div class=\"wp-block-buttons is-content-justification-space-between is-layout-flex wp-container-core-buttons-is-layout-b2891da8 wp-block-buttons-is-layout-flex\">\n<div class=\"wp-block-button has-custom-width wp-block-button__width-100 is-style-outline is-style-outline--6\"><a class=\"wp-block-button__link wp-element-button\" href=\"https:\/\/www.lesvigiesduminou.bzh\/index.php\/la-promenade-du-minou\/la-promenade-du-minou-traez-les-engrais-marins-du-minou\/\">Aller \u00e0 l&rsquo;\u00e9tape 2\/10<\/a><\/div>\n<\/div>\n<\/div>\n<\/div>\n\n\n\n<figure class=\"wp-block-image alignleft size-full is-resized\"><img loading=\"lazy\" decoding=\"async\" width=\"800\" height=\"480\" src=\"https:\/\/www.lesvigiesduminou.bzh\/wp-content\/uploads\/2024\/03\/Flag_of_the_United_Kingdom_3-5.svg_.png\" alt=\"\" class=\"wp-image-3228\" style=\"width:95px;height:auto\" srcset=\"https:\/\/www.lesvigiesduminou.bzh\/wp-content\/uploads\/2024\/03\/Flag_of_the_United_Kingdom_3-5.svg_.png 800w, https:\/\/www.lesvigiesduminou.bzh\/wp-content\/uploads\/2024\/03\/Flag_of_the_United_Kingdom_3-5.svg_-300x180.png 300w, https:\/\/www.lesvigiesduminou.bzh\/wp-content\/uploads\/2024\/03\/Flag_of_the_United_Kingdom_3-5.svg_-768x461.png 768w, https:\/\/www.lesvigiesduminou.bzh\/wp-content\/uploads\/2024\/03\/Flag_of_the_United_Kingdom_3-5.svg_-230x138.png 230w, https:\/\/www.lesvigiesduminou.bzh\/wp-content\/uploads\/2024\/03\/Flag_of_the_United_Kingdom_3-5.svg_-350x210.png 350w, https:\/\/www.lesvigiesduminou.bzh\/wp-content\/uploads\/2024\/03\/Flag_of_the_United_Kingdom_3-5.svg_-480x288.png 480w, https:\/\/www.lesvigiesduminou.bzh\/wp-content\/uploads\/2024\/03\/Flag_of_the_United_Kingdom_3-5.svg_-24x14.png 24w, https:\/\/www.lesvigiesduminou.bzh\/wp-content\/uploads\/2024\/03\/Flag_of_the_United_Kingdom_3-5.svg_-36x22.png 36w, https:\/\/www.lesvigiesduminou.bzh\/wp-content\/uploads\/2024\/03\/Flag_of_the_United_Kingdom_3-5.svg_-48x29.png 48w\" sizes=\"auto, (max-width: 800px) 100vw, 800px\" \/><\/figure>\n\n\n\n<p id=\"cable-english\"><em>Technological advancements in the 19th century were progressing rapidly. The first land-based telegraph line connected Baltimore to Washington in 1844. The International Telecommunications Union adopted Morse code in 1865. In 1868, the French Telegraph Cable Company obtained an exclusive concession to operate the Paris\/New York line.<\/em> <em>At Le Minou, the cable will be submerged under the Atlantic Ocean until Saint-Pierre-et-Miquelon.<\/em><\/p>\n\n\n\n<figure class=\"wp-block-image alignleft size-large is-resized\"><img loading=\"lazy\" decoding=\"async\" width=\"1024\" height=\"683\" src=\"https:\/\/www.lesvigiesduminou.bzh\/wp-content\/uploads\/2024\/03\/Flag_of_Brittany_Gwenn_ha_du.svg_-1024x683.png\" alt=\"\" class=\"wp-image-3226\" style=\"width:95px\" srcset=\"https:\/\/www.lesvigiesduminou.bzh\/wp-content\/uploads\/2024\/03\/Flag_of_Brittany_Gwenn_ha_du.svg_-1024x683.png 1024w, https:\/\/www.lesvigiesduminou.bzh\/wp-content\/uploads\/2024\/03\/Flag_of_Brittany_Gwenn_ha_du.svg_-300x200.png 300w, https:\/\/www.lesvigiesduminou.bzh\/wp-content\/uploads\/2024\/03\/Flag_of_Brittany_Gwenn_ha_du.svg_-768x512.png 768w, https:\/\/www.lesvigiesduminou.bzh\/wp-content\/uploads\/2024\/03\/Flag_of_Brittany_Gwenn_ha_du.svg_-1536x1024.png 1536w, https:\/\/www.lesvigiesduminou.bzh\/wp-content\/uploads\/2024\/03\/Flag_of_Brittany_Gwenn_ha_du.svg_-1000x667.png 1000w, https:\/\/www.lesvigiesduminou.bzh\/wp-content\/uploads\/2024\/03\/Flag_of_Brittany_Gwenn_ha_du.svg_-230x153.png 230w, https:\/\/www.lesvigiesduminou.bzh\/wp-content\/uploads\/2024\/03\/Flag_of_Brittany_Gwenn_ha_du.svg_-350x233.png 350w, https:\/\/www.lesvigiesduminou.bzh\/wp-content\/uploads\/2024\/03\/Flag_of_Brittany_Gwenn_ha_du.svg_-480x320.png 480w, https:\/\/www.lesvigiesduminou.bzh\/wp-content\/uploads\/2024\/03\/Flag_of_Brittany_Gwenn_ha_du.svg_-24x16.png 24w, https:\/\/www.lesvigiesduminou.bzh\/wp-content\/uploads\/2024\/03\/Flag_of_Brittany_Gwenn_ha_du.svg_-36x24.png 36w, https:\/\/www.lesvigiesduminou.bzh\/wp-content\/uploads\/2024\/03\/Flag_of_Brittany_Gwenn_ha_du.svg_-48x32.png 48w, https:\/\/www.lesvigiesduminou.bzh\/wp-content\/uploads\/2024\/03\/Flag_of_Brittany_Gwenn_ha_du.svg_.png 1920w\" sizes=\"auto, (max-width: 1024px) 100vw, 1024px\" \/><\/figure>\n\n\n\n<p>A gammedo\u00f9 bras eo aet war-raok an teknologiezhio\u00f9 en XIX vet kantved. Al linenn bellskriva\u00f1 genta\u00f1 war an douar a liamme Baltimore ouzh Washington e 1844. Gant Unvaniezh Etrebroadel ar Pellgehenti\u00f1 e voe degemeret ar c\u2019hod Morse e 1865. E 1868 e oa bet roet d&rsquo;ar c&rsquo;hevredad ar fun pellskriva\u00f1 gall un aotreadur digen evit korvoi\u00f1 al linenn Pariz \/ New-York. Er Minou e vo soubet ar fun dindan ar Mor Atlantel betek Sant-P\u00ear-ha-Mikelon.<\/p>\n\n\n\n<h3 class=\"wp-block-heading\">Un fil de cuivre, sous la mer, relie les continents<\/h3>\n\n\n\n<p>Le 17 juin 1869, au pied du <a href=\"https:\/\/www.lesvigiesduminou.bzh\/index.php\/la-promenade-du-minou\/la-promenade-du-minou-le-phare-du-petit-minou\/\" data-type=\"page\" data-id=\"3496\">phare du Petit-Minou<\/a>, les marins de l\u2019aviso le Souffleur apportent leur concours aux \u00e9quipages des c\u00e2bliers britanniques Chiltern et Hawk. Le premier segment sous-marin du c\u00e2ble de Brest \u00e0 Saint-Pierre-et-Miquelon est raccord\u00e9 \u00e0 la terre et immerg\u00e9 jusqu\u2019\u00e0 la pointe Saint-Mathieu.<\/p>\n\n\n\n<figure class=\"wp-block-image aligncenter size-full\"><a href=\"https:\/\/www.lesvigiesduminou.bzh\/wp-content\/uploads\/2024\/04\/mise-a-leau-dune-bouee-Great-eastern-px8269.jpeg\"><img loading=\"lazy\" decoding=\"async\" width=\"1280\" height=\"862\" src=\"https:\/\/www.lesvigiesduminou.bzh\/wp-content\/uploads\/2024\/04\/mise-a-leau-dune-bouee-Great-eastern-px8269.jpeg\" alt=\"\" class=\"wp-image-3330\" srcset=\"https:\/\/www.lesvigiesduminou.bzh\/wp-content\/uploads\/2024\/04\/mise-a-leau-dune-bouee-Great-eastern-px8269.jpeg 1280w, https:\/\/www.lesvigiesduminou.bzh\/wp-content\/uploads\/2024\/04\/mise-a-leau-dune-bouee-Great-eastern-px8269-300x202.jpeg 300w, https:\/\/www.lesvigiesduminou.bzh\/wp-content\/uploads\/2024\/04\/mise-a-leau-dune-bouee-Great-eastern-px8269-1024x690.jpeg 1024w, https:\/\/www.lesvigiesduminou.bzh\/wp-content\/uploads\/2024\/04\/mise-a-leau-dune-bouee-Great-eastern-px8269-768x517.jpeg 768w, https:\/\/www.lesvigiesduminou.bzh\/wp-content\/uploads\/2024\/04\/mise-a-leau-dune-bouee-Great-eastern-px8269-1000x673.jpeg 1000w, https:\/\/www.lesvigiesduminou.bzh\/wp-content\/uploads\/2024\/04\/mise-a-leau-dune-bouee-Great-eastern-px8269-230x155.jpeg 230w, https:\/\/www.lesvigiesduminou.bzh\/wp-content\/uploads\/2024\/04\/mise-a-leau-dune-bouee-Great-eastern-px8269-350x236.jpeg 350w, https:\/\/www.lesvigiesduminou.bzh\/wp-content\/uploads\/2024\/04\/mise-a-leau-dune-bouee-Great-eastern-px8269-480x323.jpeg 480w, https:\/\/www.lesvigiesduminou.bzh\/wp-content\/uploads\/2024\/04\/mise-a-leau-dune-bouee-Great-eastern-px8269-24x16.jpeg 24w, https:\/\/www.lesvigiesduminou.bzh\/wp-content\/uploads\/2024\/04\/mise-a-leau-dune-bouee-Great-eastern-px8269-36x24.jpeg 36w, https:\/\/www.lesvigiesduminou.bzh\/wp-content\/uploads\/2024\/04\/mise-a-leau-dune-bouee-Great-eastern-px8269-48x32.jpeg 48w\" sizes=\"auto, (max-width: 1280px) 100vw, 1280px\" \/><\/a><figcaption class=\"wp-element-caption\"><em><strong>Image<\/strong> : Mise \u00e0 l&rsquo;eau d&rsquo;une bou\u00e9e sur le Great Eastern, source gallica.bnf.fr \/ BnF&nbsp;<\/em><\/figcaption><\/figure>\n\n\n\n<p>L&rsquo;entreprise pour relier les 6000 km de Paris \u00e0 New-York est gigantesque. Un g\u00e9ant des mers, Le Steam Ship Great Eastern, 211 m\u00e8tres de long, 27000 tonnes est affr\u00e9t\u00e9 \u00e0 cette occasion. L\u2019ancien paquebot transform\u00e9 en c\u00e2blier va d\u00e9ployer, en un seul voyage, les 4500 km de c\u00e2ble sous-marins lov\u00e9s dans ses cales. Le 20 juin, le Great Eastern met le cap \u00e0 l&rsquo;ouest, d\u00e9roulant dans son sillage le fragile fil de cuivre qui reliera bient\u00f4t les deux continents. Le c\u00e2ble protecteur devra r\u00e9sister \u00e0 des tractions consid\u00e9rables jusqu\u2019\u00e0 4000 m\u00e8tres de fond.<\/p>\n\n\n\n<h3 class=\"wp-block-heading\">12 mots \u00e0 la minute<\/h3>\n\n\n\n<p>Suspendus chaque jour aux signaux \u00e9chang\u00e9s entre le c\u00e2blier et les techniciens du Minou, les investisseurs surveillent la cotation de leur placement financier.<\/p>\n\n\n\n<p>Le 13 juillet 1869, apr\u00e8s avoir contourn\u00e9 les grands bancs de Terre Neuve, le Great Eastern aborde l\u2019\u00eele de Saint-Pierre. Le 23 juillet Duxburry, Boston et New York sont connect\u00e9s \u00e0 la France. <\/p>\n\n\n\n<p>Ce c\u00e2ble permettra dor\u00e9navant d&rsquo;\u00e9changer 12 mots \u00e0 la minute entre Paris et New-York.<\/p>\n\n\n\n<p>De 1869 \u00e0 la deuxi\u00e8me guerre mondiale, six c\u00e2bles t\u00e9l\u00e9graphiques s\u2019\u00e9lanceront du Minou vers New-York, Casablanca, Dakar et l\u2019Am\u00e9rique du Sud. <\/p>\n\n\n\n<p>Aujourd&rsquo;hui 99% de nos communications transitent par des c\u00e2bles sous-marins en fibre optique.<\/p>\n\n\n\n<div class=\"wp-block-columns are-vertically-aligned-center is-layout-flex wp-container-core-columns-is-layout-28f84493 wp-block-columns-is-layout-flex\">\n<div class=\"wp-block-column is-vertically-aligned-center is-layout-flow wp-block-column-is-layout-flow\">\n<div class=\"wp-block-buttons alignwide is-content-justification-space-between is-layout-flex wp-container-core-buttons-is-layout-b2891da8 wp-block-buttons-is-layout-flex\">\n<div class=\"wp-block-button has-custom-width wp-block-button__width-100 is-style-outline is-style-outline--7\"><a class=\"wp-block-button__link wp-element-button\" href=\"https:\/\/www.lesvigiesduminou.bzh\/index.php\/la-promenade-du-minou\/\">La promenade<\/a><\/div>\n<\/div>\n<\/div>\n\n\n\n<div class=\"wp-block-column is-vertically-aligned-center is-layout-flow wp-block-column-is-layout-flow\">\n<div class=\"wp-block-buttons alignfull is-content-justification-space-between is-layout-flex wp-container-core-buttons-is-layout-b2891da8 wp-block-buttons-is-layout-flex\">\n<div class=\"wp-block-button has-custom-width wp-block-button__width-100 is-style-outline is-style-outline--8\"><a class=\"wp-block-button__link wp-element-button\" href=\"https:\/\/www.lesvigiesduminou.bzh\/index.php\/la-promenade-du-minou\/la-promenade-du-minou-traez-les-engrais-marins-du-minou\/\">Aller \u00e0 l&rsquo;\u00e9tape 2\/10<\/a><\/div>\n<\/div>\n<\/div>\n<\/div>\n\n\n\n<h2 class=\"wp-block-heading\" id=\"cable-resume-promenade\">Promenade du Minou<\/h2>\n\n\n\n<ul class=\"wp-block-list\">\n<li><a href=\"https:\/\/www.lesvigiesduminou.bzh\/index.php\/la-promenade-du-minou\/\" data-type=\"page\" data-id=\"3313\">Descriptif g\u00e9n\u00e9ral de la balade du Minou<\/a><\/li>\n\n\n\n<li><a href=\"https:\/\/www.lesvigiesduminou.bzh\/index.php\/la-promenade-du-minou\/la-promenade-du-minou-les-cables-transatlantiques-sous-marins-du-minou\/\" data-type=\"page\" data-id=\"3328\">Etape 1 : Les c\u00e2bles transatlantiques sous-marins du Minou (1869 &#8211; 1920)<\/a><\/li>\n\n\n\n<li><a href=\"https:\/\/www.lesvigiesduminou.bzh\/index.php\/la-promenade-du-minou\/la-promenade-du-minou-traez-les-engrais-marins-du-minou\/\" data-type=\"page\" data-id=\"3339\">\u00c9tape 2 : Traez, les engrais marins du Minou<\/a><\/li>\n\n\n\n<li><a href=\"https:\/\/www.lesvigiesduminou.bzh\/index.php\/la-promenade-du-minou\/la-promenade-du-minou-le-fort-du-minou\/\" data-type=\"page\" data-id=\"3373\">\u00c9tape 3 : Le fort du Minou<\/a><\/li>\n\n\n\n<li><a href=\"https:\/\/www.lesvigiesduminou.bzh\/index.php\/la-promenade-du-minou\/la-promenade-du-minou-la-rotisserie-du-minou\/\" data-type=\"page\" data-id=\"3487\">\u00c9tape 4 : La r\u00f4tisserie du Minou<\/a><\/li>\n\n\n\n<li><a href=\"https:\/\/www.lesvigiesduminou.bzh\/index.php\/la-promenade-du-minou\/la-promenade-du-minou-le-phare-du-petit-minou\/\" data-type=\"page\" data-id=\"3496\">\u00c9tape 5 : Le phare du Petit-Minou<\/a><\/li>\n\n\n\n<li><a href=\"https:\/\/www.lesvigiesduminou.bzh\/index.php\/la-promenade-du-minou\/la-promenade-du-minou-la-tour-radar\/\" data-type=\"page\" data-id=\"3508\">\u00c9tape 6 : La tour radar<\/a><\/li>\n\n\n\n<li><a href=\"https:\/\/www.lesvigiesduminou.bzh\/index.php\/la-promenade-du-minou\/la-promenade-du-minou-le-mur-de-latlantique\/\" data-type=\"page\" data-id=\"3529\">\u00c9tape 7 : le mur de l&rsquo;Atlantique<\/a><\/li>\n\n\n\n<li><a href=\"https:\/\/www.lesvigiesduminou.bzh\/index.php\/la-promenade-du-minou-le-goulet-un-verrou-de-protection-pour-le-port-de-brest\/\" data-type=\"page\" data-id=\"3235\">\u00c9tape 8 : Le goulet, un verrou de protection pour le port de Brest<\/a><\/li>\n\n\n\n<li><a href=\"https:\/\/www.lesvigiesduminou.bzh\/index.php\/la-promenade-du-minou\/la-promenade-du-minou-la-batterie-haute-de-quatre-canons-de-24-cm\/\" data-type=\"page\" data-id=\"3542\">\u00c9tape 9 : La batterie haute du Minou<\/a><\/li>\n\n\n\n<li><a href=\"https:\/\/www.lesvigiesduminou.bzh\/index.php\/la-promenade-du-minou\/la-promenade-du-minou-la-vallee-du-minou-et-les-moulins-de-porsquene\/\" data-type=\"page\" data-id=\"3545\">\u00c9tape 10 : La vall\u00e9e du Minou<\/a><\/li>\n<\/ul>\n\n\n\n<h3 class=\"wp-block-heading\">Quelques statistiques<\/h3>\n\n\n<p>Nombre de visites de cette page aujourd&rsquo;hui : 0<br \/>\nNombre total de visites de cette page : 0<\/p>\n","protected":false},"excerpt":{"rendered":"<p>Les d\u00e9veloppements technologiques du XIX si\u00e8cle avancent \u00e0 grands pas. La premi\u00e8re ligne t\u00e9l\u00e9graphique terrestre relie Baltimore \u00e0 Washington en 1844. L\u2019Union [&hellip;]<\/p>\n","protected":false},"author":3,"featured_media":0,"parent":3313,"menu_order":0,"comment_status":"closed","ping_status":"closed","template":"","meta":{"footnotes":""},"class_list":["post-3328","page","type-page","status-publish","hentry"],"_links":{"self":[{"href":"https:\/\/www.lesvigiesduminou.bzh\/index.php\/wp-json\/wp\/v2\/pages\/3328","targetHints":{"allow":["GET"]}}],"collection":[{"href":"https:\/\/www.lesvigiesduminou.bzh\/index.php\/wp-json\/wp\/v2\/pages"}],"about":[{"href":"https:\/\/www.lesvigiesduminou.bzh\/index.php\/wp-json\/wp\/v2\/types\/page"}],"author":[{"embeddable":true,"href":"https:\/\/www.lesvigiesduminou.bzh\/index.php\/wp-json\/wp\/v2\/users\/3"}],"replies":[{"embeddable":true,"href":"https:\/\/www.lesvigiesduminou.bzh\/index.php\/wp-json\/wp\/v2\/comments?post=3328"}],"version-history":[{"count":36,"href":"https:\/\/www.lesvigiesduminou.bzh\/index.php\/wp-json\/wp\/v2\/pages\/3328\/revisions"}],"predecessor-version":[{"id":4001,"href":"https:\/\/www.lesvigiesduminou.bzh\/index.php\/wp-json\/wp\/v2\/pages\/3328\/revisions\/4001"}],"up":[{"embeddable":true,"href":"https:\/\/www.lesvigiesduminou.bzh\/index.php\/wp-json\/wp\/v2\/pages\/3313"}],"wp:attachment":[{"href":"https:\/\/www.lesvigiesduminou.bzh\/index.php\/wp-json\/wp\/v2\/media?parent=3328"}],"curies":[{"name":"wp","href":"https:\/\/api.w.org\/{rel}","templated":true}]}}