{"id":3313,"date":"2024-04-06T18:47:19","date_gmt":"2024-04-06T16:47:19","guid":{"rendered":"https:\/\/www.lesvigiesduminou.bzh\/?page_id=3313"},"modified":"2025-04-02T18:09:07","modified_gmt":"2025-04-02T16:09:07","slug":"la-promenade-du-minou","status":"publish","type":"page","link":"https:\/\/www.lesvigiesduminou.bzh\/index.php\/la-promenade-du-minou\/","title":{"rendered":"La promenade du Minou"},"content":{"rendered":"\n<figure class=\"wp-block-image aligncenter size-large is-resized\"><a href=\"https:\/\/www.lesvigiesduminou.bzh\/wp-content\/uploads\/2024\/06\/banner-promenade.png\"><img loading=\"lazy\" decoding=\"async\" width=\"1024\" height=\"926\" src=\"https:\/\/www.lesvigiesduminou.bzh\/wp-content\/uploads\/2024\/06\/banner-promenade-1024x926.png\" alt=\"\" class=\"wp-image-3935\" style=\"width:733px;height:auto\" srcset=\"https:\/\/www.lesvigiesduminou.bzh\/wp-content\/uploads\/2024\/06\/banner-promenade-1024x926.png 1024w, https:\/\/www.lesvigiesduminou.bzh\/wp-content\/uploads\/2024\/06\/banner-promenade-300x271.png 300w, https:\/\/www.lesvigiesduminou.bzh\/wp-content\/uploads\/2024\/06\/banner-promenade-768x694.png 768w, https:\/\/www.lesvigiesduminou.bzh\/wp-content\/uploads\/2024\/06\/banner-promenade-1000x904.png 1000w, https:\/\/www.lesvigiesduminou.bzh\/wp-content\/uploads\/2024\/06\/banner-promenade-230x208.png 230w, https:\/\/www.lesvigiesduminou.bzh\/wp-content\/uploads\/2024\/06\/banner-promenade-350x316.png 350w, https:\/\/www.lesvigiesduminou.bzh\/wp-content\/uploads\/2024\/06\/banner-promenade-480x434.png 480w, https:\/\/www.lesvigiesduminou.bzh\/wp-content\/uploads\/2024\/06\/banner-promenade-24x22.png 24w, https:\/\/www.lesvigiesduminou.bzh\/wp-content\/uploads\/2024\/06\/banner-promenade-36x33.png 36w, https:\/\/www.lesvigiesduminou.bzh\/wp-content\/uploads\/2024\/06\/banner-promenade-48x43.png 48w, https:\/\/www.lesvigiesduminou.bzh\/wp-content\/uploads\/2024\/06\/banner-promenade.png 1061w\" sizes=\"auto, (max-width: 1024px) 100vw, 1024px\" \/><\/a><\/figure>\n\n\n\n<div class=\"wp-block-columns are-vertically-aligned-center is-layout-flex wp-container-core-columns-is-layout-28f84493 wp-block-columns-is-layout-flex\">\n<div class=\"wp-block-column is-vertically-aligned-center is-layout-flow wp-block-column-is-layout-flow\">\n<div class=\"wp-block-buttons alignwide is-content-justification-space-between is-layout-flex wp-container-core-buttons-is-layout-b2891da8 wp-block-buttons-is-layout-flex\">\n<div class=\"wp-block-button has-custom-width wp-block-button__width-100 is-style-outline is-style-outline--1\"><a class=\"wp-block-button__link wp-element-button\" href=\"#intro-english\">English version<\/a><\/div>\n<\/div>\n<\/div>\n\n\n\n<div class=\"wp-block-column is-vertically-aligned-center is-layout-flow wp-block-column-is-layout-flow\">\n<div class=\"wp-block-buttons alignfull is-content-justification-space-between is-layout-flex wp-container-core-buttons-is-layout-b2891da8 wp-block-buttons-is-layout-flex\">\n<div class=\"wp-block-button has-custom-width wp-block-button__width-100 is-style-outline is-style-outline--2\"><a class=\"wp-block-button__link wp-element-button\" href=\"#intro-breizh\">Stumm brezhoneg<\/a><\/div>\n<\/div>\n<\/div>\n\n\n\n<div class=\"wp-block-column is-vertically-aligned-center is-layout-flow wp-block-column-is-layout-flow\">\n<div class=\"wp-block-buttons is-content-justification-space-between is-layout-flex wp-container-core-buttons-is-layout-b2891da8 wp-block-buttons-is-layout-flex\">\n<div class=\"wp-block-button has-custom-width wp-block-button__width-100 is-style-outline is-style-outline--3\"><a class=\"wp-block-button__link wp-element-button\" href=\"#intro-resume\">Les \u00e9tapes<\/a><\/div>\n<\/div>\n<\/div>\n<\/div>\n\n\n\n<p>Les <a href=\"https:\/\/www.lesvigiesduminou.bzh\/\" data-type=\"link\" data-id=\"https:\/\/www.lesvigiesduminou.bzh\/\">Vigies du Minou<\/a> vous proposent une promenade autour du site du Minou, sous la forme d&rsquo;une boucle qui vous fera d\u00e9couvrir une partie de l\u2019histoire tr\u00e8s riche de ce lieu.<\/p>\n\n\n\n<p>La promenade est compos\u00e9e de <strong>10 \u00e9tapes<\/strong>. A chaque \u00e9tape de l&rsquo;itin\u00e9raire vous trouverez un <strong>panneau<\/strong> qui vous permettra de vous rep\u00e9rer et d&rsquo;en apprendre plus sur ce lieu au pass\u00e9 m\u00e9connu. Il vous suffira pour cela de flasher le QR code ou de saisir l&rsquo;adresse indiqu\u00e9e sur le panneau.<\/p>\n\n\n\n<figure class=\"wp-block-image aligncenter size-large is-resized\"><a href=\"https:\/\/www.lesvigiesduminou.bzh\/wp-content\/uploads\/2024\/06\/qr-1.png\"><img loading=\"lazy\" decoding=\"async\" width=\"724\" height=\"1024\" src=\"https:\/\/www.lesvigiesduminou.bzh\/wp-content\/uploads\/2024\/06\/qr-1-724x1024.png\" alt=\"\" class=\"wp-image-3937\" style=\"width:455px\" srcset=\"https:\/\/www.lesvigiesduminou.bzh\/wp-content\/uploads\/2024\/06\/qr-1-724x1024.png 724w, https:\/\/www.lesvigiesduminou.bzh\/wp-content\/uploads\/2024\/06\/qr-1-212x300.png 212w, https:\/\/www.lesvigiesduminou.bzh\/wp-content\/uploads\/2024\/06\/qr-1-230x325.png 230w, https:\/\/www.lesvigiesduminou.bzh\/wp-content\/uploads\/2024\/06\/qr-1-350x495.png 350w, https:\/\/www.lesvigiesduminou.bzh\/wp-content\/uploads\/2024\/06\/qr-1-480x679.png 480w, https:\/\/www.lesvigiesduminou.bzh\/wp-content\/uploads\/2024\/06\/qr-1-17x24.png 17w, https:\/\/www.lesvigiesduminou.bzh\/wp-content\/uploads\/2024\/06\/qr-1-25x36.png 25w, https:\/\/www.lesvigiesduminou.bzh\/wp-content\/uploads\/2024\/06\/qr-1-34x48.png 34w, https:\/\/www.lesvigiesduminou.bzh\/wp-content\/uploads\/2024\/06\/qr-1.png 750w\" sizes=\"auto, (max-width: 724px) 100vw, 724px\" \/><\/a><figcaption class=\"wp-element-caption\"><em><strong>Image<\/strong> : Illustration d&rsquo;un panneau se trouvant le long de l&rsquo;itin\u00e9raire<\/em>.<\/figcaption><\/figure>\n\n\n\n<p>Il n&rsquo;y a pas d&rsquo;ordre chronologique : vous pouvez vous interrompre quand vous voulez et parcourir la balade dans le sens que vous souhaitez.<\/p>\n\n\n\n<h3 class=\"wp-block-heading\">Informations sur la promenade<\/h3>\n\n\n\n<p class=\"has-background\" style=\"background-color:#cbcfd5\"><strong>Distance totale<\/strong> : 1.8 km<br><strong>Temps de parcours moyen<\/strong> : 1h00<br>Informations en <strong>fran\u00e7ais<\/strong>, <strong>breton<\/strong> et <strong>anglais<\/strong><br>Certaines sections ne sont <strong>pas adapt\u00e9es<\/strong> aux personnes \u00e0 <strong>mobilit\u00e9 r\u00e9duite<\/strong><br><strong>Acc\u00e8s<\/strong> : \u00e0 partir du parking de la plage ou de celui du haut du Minou<\/p>\n\n\n\n<p>N&rsquo;h\u00e9sitez pas \u00e0 utiliser la carte ci-dessous pour vous rep\u00e9rer. L&rsquo;ic\u00f4ne \u2295 vous permettra de vous g\u00e9olocaliser avec votre t\u00e9l\u00e9phone (vous \u00eates situ\u00e9 au point bleu qui appara\u00eetra).<\/p>\n\n\n\n<p>Cette carte vous permet \u00e9galement de naviguer d&rsquo;\u00e9tape en \u00e9tape. Les 10 \u00e9tapes sont indiqu\u00e9es par leur num\u00e9ro sur le trac\u00e9 de la promenade. De temps en temps, entre 2 \u00e9tapes, vous trouverez quelques informations compl\u00e9mentaires (ic\u00f4nes d&rsquo;appareil photo) sous la forme de photos et d&rsquo;articles qui vous feront d\u00e9couvrir un \u00e9l\u00e9ment insolite, une anecdote ou un myst\u00e8re non-r\u00e9solu.<\/p>\n\n\n\n<iframe loading=\"lazy\" width=\"100%\" height=\"500px\" frameborder=\"0\" allowfullscreen allow=\"geolocation\" src=\"\/\/framacarte.org\/fr\/map\/la-promenade-du-minou_183406?scaleControl=true&#038;miniMap=false&#038;scrollWheelZoom=false&#038;zoomControl=true&#038;editMode=disabled&#038;moreControl=false&#038;searchControl=true&#038;tilelayersControl=false&#038;embedControl=false&#038;datalayersControl=false&#038;onLoadPanel=none&#038;captionBar=false&#038;captionMenus=true&#038;locateControl=true&#038;measureControl=false&#038;editinosmControl=false&#038;starControl=false\"><\/iframe>\n\n\n\n<p class=\"has-text-align-center\"><em><strong>Carte<\/strong> : Aper\u00e7u de la promenade du Minou. <em>Cliquez sur l&rsquo;ic\u00f4ne \u2295 pour vous g\u00e9olocaliser. <\/em>Cliquez sur les ic\u00f4nes + et &#8211; pour zoomer ou d\u00e9zoomer.<\/em><\/p>\n\n\n\n<figure class=\"wp-block-image alignleft size-full is-resized\" id=\"intro-english\"><img loading=\"lazy\" decoding=\"async\" width=\"800\" height=\"480\" src=\"https:\/\/www.lesvigiesduminou.bzh\/wp-content\/uploads\/2024\/03\/Flag_of_the_United_Kingdom_3-5.svg_.png\" alt=\"\" class=\"wp-image-3228\" style=\"width:95px\" srcset=\"https:\/\/www.lesvigiesduminou.bzh\/wp-content\/uploads\/2024\/03\/Flag_of_the_United_Kingdom_3-5.svg_.png 800w, https:\/\/www.lesvigiesduminou.bzh\/wp-content\/uploads\/2024\/03\/Flag_of_the_United_Kingdom_3-5.svg_-300x180.png 300w, https:\/\/www.lesvigiesduminou.bzh\/wp-content\/uploads\/2024\/03\/Flag_of_the_United_Kingdom_3-5.svg_-768x461.png 768w, https:\/\/www.lesvigiesduminou.bzh\/wp-content\/uploads\/2024\/03\/Flag_of_the_United_Kingdom_3-5.svg_-230x138.png 230w, https:\/\/www.lesvigiesduminou.bzh\/wp-content\/uploads\/2024\/03\/Flag_of_the_United_Kingdom_3-5.svg_-350x210.png 350w, https:\/\/www.lesvigiesduminou.bzh\/wp-content\/uploads\/2024\/03\/Flag_of_the_United_Kingdom_3-5.svg_-480x288.png 480w, https:\/\/www.lesvigiesduminou.bzh\/wp-content\/uploads\/2024\/03\/Flag_of_the_United_Kingdom_3-5.svg_-24x14.png 24w, https:\/\/www.lesvigiesduminou.bzh\/wp-content\/uploads\/2024\/03\/Flag_of_the_United_Kingdom_3-5.svg_-36x22.png 36w, https:\/\/www.lesvigiesduminou.bzh\/wp-content\/uploads\/2024\/03\/Flag_of_the_United_Kingdom_3-5.svg_-48x29.png 48w\" sizes=\"auto, (max-width: 800px) 100vw, 800px\" \/><\/figure>\n\n\n\n<p><em>Les Vigies du Minou invite you to take a walk around the Minou site: it will introduce you to a part of the very rich history of this place. The walk is made up of <strong>10 stages<\/strong>. At each stage of the route you will find a panel that will allow you to find your way around and learn more about this place with an unknown past. All you need to do is scan the QR code or enter the address indicated on the panel. There is no chronological order: you can interrupt whenever you want and follow the walk in the direction you want. Also there are no particular difficulties on the route. The walk is 1.8 km long and the average walking time is 1h. Do not hesitate to use the <strong>map<\/strong> above to find your way around (the \u2295 icon will allow you to geolocate yourself with your phone). This map also allows you to navigate from stage to stage. From time to time, between 2 stages, you will also find photos and articles that will give you more information about an unusual element, an anecdote or an unsolved mystery.<\/em><\/p>\n\n\n\n<figure class=\"wp-block-image alignleft size-large is-resized\" id=\"intro-breizh\"><img loading=\"lazy\" decoding=\"async\" width=\"1024\" height=\"683\" src=\"https:\/\/www.lesvigiesduminou.bzh\/wp-content\/uploads\/2024\/03\/Flag_of_Brittany_Gwenn_ha_du.svg_-1024x683.png\" alt=\"\" class=\"wp-image-3226\" style=\"width:95px\" srcset=\"https:\/\/www.lesvigiesduminou.bzh\/wp-content\/uploads\/2024\/03\/Flag_of_Brittany_Gwenn_ha_du.svg_-1024x683.png 1024w, https:\/\/www.lesvigiesduminou.bzh\/wp-content\/uploads\/2024\/03\/Flag_of_Brittany_Gwenn_ha_du.svg_-300x200.png 300w, https:\/\/www.lesvigiesduminou.bzh\/wp-content\/uploads\/2024\/03\/Flag_of_Brittany_Gwenn_ha_du.svg_-768x512.png 768w, https:\/\/www.lesvigiesduminou.bzh\/wp-content\/uploads\/2024\/03\/Flag_of_Brittany_Gwenn_ha_du.svg_-1536x1024.png 1536w, https:\/\/www.lesvigiesduminou.bzh\/wp-content\/uploads\/2024\/03\/Flag_of_Brittany_Gwenn_ha_du.svg_-1000x667.png 1000w, https:\/\/www.lesvigiesduminou.bzh\/wp-content\/uploads\/2024\/03\/Flag_of_Brittany_Gwenn_ha_du.svg_-230x153.png 230w, https:\/\/www.lesvigiesduminou.bzh\/wp-content\/uploads\/2024\/03\/Flag_of_Brittany_Gwenn_ha_du.svg_-350x233.png 350w, https:\/\/www.lesvigiesduminou.bzh\/wp-content\/uploads\/2024\/03\/Flag_of_Brittany_Gwenn_ha_du.svg_-480x320.png 480w, https:\/\/www.lesvigiesduminou.bzh\/wp-content\/uploads\/2024\/03\/Flag_of_Brittany_Gwenn_ha_du.svg_-24x16.png 24w, https:\/\/www.lesvigiesduminou.bzh\/wp-content\/uploads\/2024\/03\/Flag_of_Brittany_Gwenn_ha_du.svg_-36x24.png 36w, https:\/\/www.lesvigiesduminou.bzh\/wp-content\/uploads\/2024\/03\/Flag_of_Brittany_Gwenn_ha_du.svg_-48x32.png 48w, https:\/\/www.lesvigiesduminou.bzh\/wp-content\/uploads\/2024\/03\/Flag_of_Brittany_Gwenn_ha_du.svg_.png 1920w\" sizes=\"auto, (max-width: 1024px) 100vw, 1024px\" \/><\/figure>\n\n\n\n<p><em>Ho pedi\u00f1 a ra Gedourien ar Minou d\u2019ober ur bourmenadenn tro-dro da lec\u2019hienn ar Minou : ganto e c&rsquo;helloc&rsquo;h dizolei\u00f1 ul lodenn eus istor pinvidik-kena\u00f1 al lec&rsquo;h-se. 10 pazenn a ya d\u2019ober ar bourmenadenn. E pep pazenn eus an hentad e kavoc&rsquo;h ur banell a roio an tu deoc&rsquo;h da he\u00f1cha\u00f1 ac&rsquo;hanoc&rsquo;h ha da zeski\u00f1 hiroc&rsquo;h diwar-benn al lec&rsquo;h-se en amzer dremenet dianav. Trawalc&rsquo;h eo deoc&rsquo;h skanna\u00f1 ar QR kod pe tapout ar chomlec&rsquo;h merket war ar banell. N&rsquo;eus ket a urzh war an amzer : gellet a rit paouez pa garoc\u2019h ha mont gant ar bourmenadenn war an hent hoc&rsquo;h eus c&rsquo;hoant. N&rsquo;eus ket a gudenno\u00f9 dibar war an hent kennebeut. 1,8 km eo ar bourmenadenn hag 1 eurvezh e pad ar bourmenadenn well-wazh. Implijit ar gartenn ama\u00f1 a-us evit he\u00f1cha\u00f1 ac&rsquo;hanoc&rsquo;h (an arlun \u2295 a roio an tu deoc&rsquo;h da zouarlec&rsquo;hia\u00f1 gant ho pellgomzer).Gant ar gartenn-ma\u00f1 e c&rsquo;heller ivez merdei\u00f1 a bazenn da bazenn. A-vareado\u00f9, etre 2 bazenn, e kavoc&rsquo;h ivez luc&rsquo;hskeudenno\u00f9 hag ar pennado\u00f9 a roio deoc&rsquo;h muioc&rsquo;h a ditouro\u00f9 diwar-benn un elfenn digustum, ur sorbienn pe ur c&rsquo;hevrin diechu.<\/em><\/p>\n\n\n\n<h3 class=\"wp-block-heading\" id=\"intro-resume\">R\u00e9sum\u00e9 des diff\u00e9rentes \u00e9tapes de la promenade<\/h3>\n\n\n\n<p>Selon l&rsquo;endroit o\u00f9 vous vous trouvez actuellement (g\u00e9olocalisez-vous gr\u00e2ce \u00e0 la carte ci-dessus), cliquez ci-dessous sur l&rsquo;\u00e9tape de votre point de d\u00e9part :<\/p>\n\n\n\n<ul class=\"wp-block-list\">\n<li><a href=\"https:\/\/www.lesvigiesduminou.bzh\/index.php\/la-promenade-du-minou\/la-promenade-du-minou-les-cables-transatlantiques-sous-marins-du-minou\/\" data-type=\"page\" data-id=\"3328\">Etape 1 : Les c\u00e2bles transatlantiques sous-marins du Minou (1869 &#8211; 1920)<\/a><\/li>\n\n\n\n<li><a href=\"https:\/\/www.lesvigiesduminou.bzh\/index.php\/la-promenade-du-minou\/la-promenade-du-minou-traez-les-engrais-marins-du-minou\/\" data-type=\"page\" data-id=\"3339\">\u00c9tape 2 : Traez, les engrais marins du Minou<\/a><\/li>\n\n\n\n<li><a href=\"https:\/\/www.lesvigiesduminou.bzh\/index.php\/la-promenade-du-minou\/la-promenade-du-minou-le-fort-du-minou\/\" data-type=\"page\" data-id=\"3373\">\u00c9tape 3 : Le fort du Minou<\/a><\/li>\n\n\n\n<li><a href=\"https:\/\/www.lesvigiesduminou.bzh\/index.php\/la-promenade-du-minou\/la-promenade-du-minou-la-rotisserie-du-minou\/\" data-type=\"page\" data-id=\"3487\">\u00c9tape 4 : La r\u00f4tisserie du Minou<\/a><\/li>\n\n\n\n<li><a href=\"https:\/\/www.lesvigiesduminou.bzh\/index.php\/la-promenade-du-minou\/la-promenade-du-minou-le-phare-du-petit-minou\/\" data-type=\"page\" data-id=\"3496\">\u00c9tape 5 : Le phare du Petit-Minou<\/a><\/li>\n\n\n\n<li><a href=\"https:\/\/www.lesvigiesduminou.bzh\/index.php\/la-promenade-du-minou\/la-promenade-du-minou-la-tour-radar\/\" data-type=\"page\" data-id=\"3508\">\u00c9tape 6 : La tour radar<\/a><\/li>\n\n\n\n<li><a href=\"https:\/\/www.lesvigiesduminou.bzh\/index.php\/la-promenade-du-minou\/la-promenade-du-minou-le-mur-de-latlantique\/\" data-type=\"page\" data-id=\"3529\">\u00c9tape 7 : le mur de l&rsquo;Atlantique<\/a><\/li>\n\n\n\n<li><a href=\"https:\/\/www.lesvigiesduminou.bzh\/index.php\/la-promenade-du-minou-le-goulet-un-verrou-de-protection-pour-le-port-de-brest\/\" data-type=\"page\" data-id=\"3235\">\u00c9tape 8 : Le goulet, un verrou de protection pour le port de Brest<\/a><\/li>\n\n\n\n<li><a href=\"https:\/\/www.lesvigiesduminou.bzh\/index.php\/la-promenade-du-minou\/la-promenade-du-minou-la-batterie-haute-de-quatre-canons-de-24-cm\/\" data-type=\"page\" data-id=\"3542\">\u00c9tape 9 : La batterie haute du Minou<\/a><\/li>\n\n\n\n<li><a href=\"https:\/\/www.lesvigiesduminou.bzh\/index.php\/la-promenade-du-minou\/la-promenade-du-minou-la-vallee-du-minou-et-les-moulins-de-porsquene\/\" data-type=\"page\" data-id=\"3545\">\u00c9tape 10 : La vall\u00e9e du Minou<\/a><\/li>\n<\/ul>\n\n\n\n<h3 class=\"wp-block-heading\">Quelques statistiques<\/h3>\n\n\n<p>Nombre de visites de cette page aujourd&rsquo;hui : 0<br \/>\nNombre total de visites de cette page : 0<\/p>\n\n\n\n<p><\/p>\n","protected":false},"excerpt":{"rendered":"<p>Les Vigies du Minou vous proposent une promenade autour du site du Minou, sous la forme d&rsquo;une boucle qui vous fera d\u00e9couvrir [&hellip;]<\/p>\n","protected":false},"author":3,"featured_media":3279,"parent":0,"menu_order":0,"comment_status":"closed","ping_status":"closed","template":"","meta":{"footnotes":""},"class_list":["post-3313","page","type-page","status-publish","has-post-thumbnail","hentry"],"_links":{"self":[{"href":"https:\/\/www.lesvigiesduminou.bzh\/index.php\/wp-json\/wp\/v2\/pages\/3313","targetHints":{"allow":["GET"]}}],"collection":[{"href":"https:\/\/www.lesvigiesduminou.bzh\/index.php\/wp-json\/wp\/v2\/pages"}],"about":[{"href":"https:\/\/www.lesvigiesduminou.bzh\/index.php\/wp-json\/wp\/v2\/types\/page"}],"author":[{"embeddable":true,"href":"https:\/\/www.lesvigiesduminou.bzh\/index.php\/wp-json\/wp\/v2\/users\/3"}],"replies":[{"embeddable":true,"href":"https:\/\/www.lesvigiesduminou.bzh\/index.php\/wp-json\/wp\/v2\/comments?post=3313"}],"version-history":[{"count":54,"href":"https:\/\/www.lesvigiesduminou.bzh\/index.php\/wp-json\/wp\/v2\/pages\/3313\/revisions"}],"predecessor-version":[{"id":4112,"href":"https:\/\/www.lesvigiesduminou.bzh\/index.php\/wp-json\/wp\/v2\/pages\/3313\/revisions\/4112"}],"wp:featuredmedia":[{"embeddable":true,"href":"https:\/\/www.lesvigiesduminou.bzh\/index.php\/wp-json\/wp\/v2\/media\/3279"}],"wp:attachment":[{"href":"https:\/\/www.lesvigiesduminou.bzh\/index.php\/wp-json\/wp\/v2\/media?parent=3313"}],"curies":[{"name":"wp","href":"https:\/\/api.w.org\/{rel}","templated":true}]}}