{"id":3235,"date":"2024-04-06T18:02:01","date_gmt":"2024-04-06T16:02:01","guid":{"rendered":"https:\/\/www.lesvigiesduminou.bzh\/?page_id=3235"},"modified":"2024-07-07T16:17:05","modified_gmt":"2024-07-07T14:17:05","slug":"la-promenade-du-minou-le-goulet-un-verrou-de-protection-pour-le-port-de-brest","status":"publish","type":"page","link":"https:\/\/www.lesvigiesduminou.bzh\/index.php\/la-promenade-du-minou\/la-promenade-du-minou-le-goulet-un-verrou-de-protection-pour-le-port-de-brest\/","title":{"rendered":"La promenade du Minou (\u00e9tape 8) : Le goulet, un verrou de protection pour le port de Brest"},"content":{"rendered":"\n<figure class=\"wp-block-image aligncenter size-large\"><a href=\"https:\/\/www.lesvigiesduminou.bzh\/wp-content\/uploads\/2024\/03\/19-320-Minou-1.jpg\"><img loading=\"lazy\" decoding=\"async\" width=\"1024\" height=\"666\" src=\"https:\/\/www.lesvigiesduminou.bzh\/wp-content\/uploads\/2024\/03\/19-320-Minou-1-1024x666.jpg\" alt=\"\" class=\"wp-image-3211\" srcset=\"https:\/\/www.lesvigiesduminou.bzh\/wp-content\/uploads\/2024\/03\/19-320-Minou-1-1024x666.jpg 1024w, https:\/\/www.lesvigiesduminou.bzh\/wp-content\/uploads\/2024\/03\/19-320-Minou-1-300x195.jpg 300w, https:\/\/www.lesvigiesduminou.bzh\/wp-content\/uploads\/2024\/03\/19-320-Minou-1-768x500.jpg 768w, https:\/\/www.lesvigiesduminou.bzh\/wp-content\/uploads\/2024\/03\/19-320-Minou-1-1000x651.jpg 1000w, https:\/\/www.lesvigiesduminou.bzh\/wp-content\/uploads\/2024\/03\/19-320-Minou-1-230x150.jpg 230w, https:\/\/www.lesvigiesduminou.bzh\/wp-content\/uploads\/2024\/03\/19-320-Minou-1-350x228.jpg 350w, https:\/\/www.lesvigiesduminou.bzh\/wp-content\/uploads\/2024\/03\/19-320-Minou-1-480x312.jpg 480w, https:\/\/www.lesvigiesduminou.bzh\/wp-content\/uploads\/2024\/03\/19-320-Minou-1-24x16.jpg 24w, https:\/\/www.lesvigiesduminou.bzh\/wp-content\/uploads\/2024\/03\/19-320-Minou-1-36x23.jpg 36w, https:\/\/www.lesvigiesduminou.bzh\/wp-content\/uploads\/2024\/03\/19-320-Minou-1-48x31.jpg 48w, https:\/\/www.lesvigiesduminou.bzh\/wp-content\/uploads\/2024\/03\/19-320-Minou-1.jpg 1383w\" sizes=\"auto, (max-width: 1024px) 100vw, 1024px\" \/><\/a><figcaption class=\"wp-element-caption\"><em><strong>Photo<\/strong> : Batterie du s\u00e9maphore, fin du 19e si\u00e8cle, source : collection priv\u00e9e<\/em><\/figcaption><\/figure>\n\n\n\n<blockquote class=\"wp-block-quote is-layout-flow wp-block-quote-is-layout-flow\">\n<p>\u00ab\u00a0Le goulet est \u00e0 Brest ce que le d\u00e9troit des Dardanelles est \u00e0 Constantinople\u00a0\u00bb<\/p>\n<cite>S\u00e9bastien Le Prestre de Vauban (1633 &#8211; 1707), ing\u00e9nieur, architecte militaire, urbaniste, hydraulicien et essayiste fran\u00e7ais<\/cite><\/blockquote>\n\n\n\n<p class=\"has-background\" style=\"background-color:#f3f3f3\"><strong>Le goulet, d&rsquo;une une largeur minimale de 1500 m\u00e8tres, est le seul acc\u00e8s maritime de la rade de  Brest. Il a toujours \u00e9t\u00e9 un \u00e9l\u00e9ment crucial de la d\u00e9fense de son port. Les diff\u00e9rents ing\u00e9nieurs militaires qui se sont succ\u00e9d\u00e9s au fil des si\u00e8cles ont bien compris l\u2019int\u00e9r\u00eat de construire des fortifications sur les points strat\u00e9giques de ses deux rives. L&rsquo;objectif \u00e9tant de rendre impossible le franchissement du goulet par une flotte ennemie<\/strong>.<\/p>\n\n\n\n<div class=\"wp-block-columns are-vertically-aligned-center is-layout-flex wp-container-core-columns-is-layout-28f84493 wp-block-columns-is-layout-flex\">\n<div class=\"wp-block-column is-vertically-aligned-center is-layout-flow wp-block-column-is-layout-flow\">\n<div class=\"wp-block-buttons alignwide is-content-justification-space-between is-layout-flex wp-container-core-buttons-is-layout-b2891da8 wp-block-buttons-is-layout-flex\">\n<div class=\"wp-block-button has-custom-width wp-block-button__width-100 is-style-outline is-style-outline--1\"><a class=\"wp-block-button__link wp-element-button\" href=\"#goulet-details\">Pour en savoir plus<\/a><\/div>\n<\/div>\n<\/div>\n\n\n\n<div class=\"wp-block-column is-vertically-aligned-center is-layout-flow wp-block-column-is-layout-flow\">\n<div class=\"wp-block-buttons alignfull is-content-justification-space-between is-layout-flex wp-container-core-buttons-is-layout-b2891da8 wp-block-buttons-is-layout-flex\">\n<div class=\"wp-block-button has-custom-width wp-block-button__width-100 is-style-outline is-style-outline--2\"><a class=\"wp-block-button__link wp-element-button\" href=\"#goulet-english\">English summary<\/a><\/div>\n<\/div>\n<\/div>\n\n\n\n<div class=\"wp-block-column is-vertically-aligned-center is-layout-flow wp-block-column-is-layout-flow\">\n<div class=\"wp-block-buttons is-content-justification-space-between is-layout-flex wp-container-core-buttons-is-layout-b2891da8 wp-block-buttons-is-layout-flex\">\n<div class=\"wp-block-button has-custom-width wp-block-button__width-100 is-style-outline is-style-outline--3\"><a class=\"wp-block-button__link wp-element-button\" href=\"#goulet-breton\"><strong>Diverrad e brezhoneg<\/strong><\/a><\/div>\n<\/div>\n<\/div>\n<\/div>\n\n\n\n<iframe loading=\"lazy\" width=\"100%\" height=\"500px\" frameborder=\"0\" allowfullscreen allow=\"geolocation\" src=\"\/\/framacarte.org\/fr\/map\/la-promenade-du-minou_183406?scaleControl=true&#038;miniMap=false&#038;scrollWheelZoom=false&#038;zoomControl=true&#038;editMode=disabled&#038;moreControl=false&#038;searchControl=true&#038;tilelayersControl=false&#038;embedControl=false&#038;datalayersControl=false&#038;onLoadPanel=none&#038;captionBar=false&#038;captionMenus=true&#038;locateControl=true&#038;measureControl=false&#038;editinosmControl=false&#038;starControl=false\"><\/iframe>\n\n\n\n<p class=\"has-text-align-center\"><em><strong>Carte<\/strong> : Aper\u00e7u de la promenade du Minou. Vous \u00eates \u00e0 l&rsquo;\u00e9tape 8. <em>Cliquez sur l&rsquo;ic\u00f4ne \u2295 pour vous g\u00e9olocaliser.  <\/em><\/em><\/p>\n\n\n\n<div class=\"wp-block-columns are-vertically-aligned-center is-layout-flex wp-container-core-columns-is-layout-28f84493 wp-block-columns-is-layout-flex\">\n<div class=\"wp-block-column is-vertically-aligned-center is-layout-flow wp-block-column-is-layout-flow\">\n<div class=\"wp-block-buttons alignwide is-content-justification-space-between is-layout-flex wp-container-core-buttons-is-layout-b2891da8 wp-block-buttons-is-layout-flex\">\n<div class=\"wp-block-button has-custom-width wp-block-button__width-100 is-style-outline is-style-outline--4\"><a class=\"wp-block-button__link wp-element-button\" href=\"https:\/\/www.lesvigiesduminou.bzh\/index.php\/la-promenade-du-minou\/la-promenade-du-minou-le-mur-de-latlantique\/\">Aller \u00e0 l&rsquo;\u00e9tape 7\/10<\/a><\/div>\n<\/div>\n<\/div>\n\n\n\n<div class=\"wp-block-column is-vertically-aligned-center is-layout-flow wp-block-column-is-layout-flow\">\n<div class=\"wp-block-buttons alignfull is-content-justification-space-between is-layout-flex wp-container-core-buttons-is-layout-b2891da8 wp-block-buttons-is-layout-flex\">\n<div class=\"wp-block-button has-custom-width wp-block-button__width-100 is-style-outline is-style-outline--5\"><a class=\"wp-block-button__link wp-element-button\" href=\"#goulet-resume-promenade\">toutes les \u00e9tapes<\/a><\/div>\n<\/div>\n<\/div>\n\n\n\n<div class=\"wp-block-column is-vertically-aligned-center is-layout-flow wp-block-column-is-layout-flow\">\n<div class=\"wp-block-buttons is-content-justification-space-between is-layout-flex wp-container-core-buttons-is-layout-b2891da8 wp-block-buttons-is-layout-flex\">\n<div class=\"wp-block-button has-custom-width wp-block-button__width-100 is-style-outline is-style-outline--6\"><a class=\"wp-block-button__link wp-element-button\" href=\"https:\/\/www.lesvigiesduminou.bzh\/index.php\/la-promenade-du-minou\/la-promenade-du-minou-la-batterie-haute-de-quatre-canons-de-24-cm\/\">Aller \u00e0 l&rsquo;\u00e9tape 9\/10<\/a><\/div>\n<\/div>\n<\/div>\n<\/div>\n\n\n\n<figure class=\"wp-block-image alignleft size-full is-resized\"><img loading=\"lazy\" decoding=\"async\" width=\"800\" height=\"480\" src=\"https:\/\/www.lesvigiesduminou.bzh\/wp-content\/uploads\/2024\/03\/Flag_of_the_United_Kingdom_3-5.svg_.png\" alt=\"\" class=\"wp-image-3228\" style=\"width:95px;height:auto\" srcset=\"https:\/\/www.lesvigiesduminou.bzh\/wp-content\/uploads\/2024\/03\/Flag_of_the_United_Kingdom_3-5.svg_.png 800w, https:\/\/www.lesvigiesduminou.bzh\/wp-content\/uploads\/2024\/03\/Flag_of_the_United_Kingdom_3-5.svg_-300x180.png 300w, https:\/\/www.lesvigiesduminou.bzh\/wp-content\/uploads\/2024\/03\/Flag_of_the_United_Kingdom_3-5.svg_-768x461.png 768w, https:\/\/www.lesvigiesduminou.bzh\/wp-content\/uploads\/2024\/03\/Flag_of_the_United_Kingdom_3-5.svg_-230x138.png 230w, https:\/\/www.lesvigiesduminou.bzh\/wp-content\/uploads\/2024\/03\/Flag_of_the_United_Kingdom_3-5.svg_-350x210.png 350w, https:\/\/www.lesvigiesduminou.bzh\/wp-content\/uploads\/2024\/03\/Flag_of_the_United_Kingdom_3-5.svg_-480x288.png 480w, https:\/\/www.lesvigiesduminou.bzh\/wp-content\/uploads\/2024\/03\/Flag_of_the_United_Kingdom_3-5.svg_-24x14.png 24w, https:\/\/www.lesvigiesduminou.bzh\/wp-content\/uploads\/2024\/03\/Flag_of_the_United_Kingdom_3-5.svg_-36x22.png 36w, https:\/\/www.lesvigiesduminou.bzh\/wp-content\/uploads\/2024\/03\/Flag_of_the_United_Kingdom_3-5.svg_-48x29.png 48w\" sizes=\"auto, (max-width: 800px) 100vw, 800px\" \/><\/figure>\n\n\n\n<p id=\"goulet-english\"><em>The strait (goulet), with a minimum width of 1,500 meters, is the only sea access to the Brest harbor. It has always been a crucial element in the defense of its port. The various military engineers who have succeeded each other over the centuries have fully understood the importance of building fortifications on the strategic points of its two banks. The aim was to make it impossible for an enemy fleet to pass through the strait.<\/em><\/p>\n\n\n\n<figure class=\"wp-block-image alignleft size-large is-resized\"><img loading=\"lazy\" decoding=\"async\" width=\"1024\" height=\"683\" src=\"https:\/\/www.lesvigiesduminou.bzh\/wp-content\/uploads\/2024\/03\/Flag_of_Brittany_Gwenn_ha_du.svg_-1024x683.png\" alt=\"\" class=\"wp-image-3226\" style=\"width:95px\" srcset=\"https:\/\/www.lesvigiesduminou.bzh\/wp-content\/uploads\/2024\/03\/Flag_of_Brittany_Gwenn_ha_du.svg_-1024x683.png 1024w, https:\/\/www.lesvigiesduminou.bzh\/wp-content\/uploads\/2024\/03\/Flag_of_Brittany_Gwenn_ha_du.svg_-300x200.png 300w, https:\/\/www.lesvigiesduminou.bzh\/wp-content\/uploads\/2024\/03\/Flag_of_Brittany_Gwenn_ha_du.svg_-768x512.png 768w, https:\/\/www.lesvigiesduminou.bzh\/wp-content\/uploads\/2024\/03\/Flag_of_Brittany_Gwenn_ha_du.svg_-1536x1024.png 1536w, https:\/\/www.lesvigiesduminou.bzh\/wp-content\/uploads\/2024\/03\/Flag_of_Brittany_Gwenn_ha_du.svg_-1000x667.png 1000w, https:\/\/www.lesvigiesduminou.bzh\/wp-content\/uploads\/2024\/03\/Flag_of_Brittany_Gwenn_ha_du.svg_-230x153.png 230w, https:\/\/www.lesvigiesduminou.bzh\/wp-content\/uploads\/2024\/03\/Flag_of_Brittany_Gwenn_ha_du.svg_-350x233.png 350w, https:\/\/www.lesvigiesduminou.bzh\/wp-content\/uploads\/2024\/03\/Flag_of_Brittany_Gwenn_ha_du.svg_-480x320.png 480w, https:\/\/www.lesvigiesduminou.bzh\/wp-content\/uploads\/2024\/03\/Flag_of_Brittany_Gwenn_ha_du.svg_-24x16.png 24w, https:\/\/www.lesvigiesduminou.bzh\/wp-content\/uploads\/2024\/03\/Flag_of_Brittany_Gwenn_ha_du.svg_-36x24.png 36w, https:\/\/www.lesvigiesduminou.bzh\/wp-content\/uploads\/2024\/03\/Flag_of_Brittany_Gwenn_ha_du.svg_-48x32.png 48w, https:\/\/www.lesvigiesduminou.bzh\/wp-content\/uploads\/2024\/03\/Flag_of_Brittany_Gwenn_ha_du.svg_.png 1920w\" sizes=\"auto, (max-width: 1024px) 100vw, 1024px\" \/><\/figure>\n\n\n\n<p id=\"goulet-breton\"><em>Ar mulgul, 1500 metr ledander d\u2019an nebeuta\u00f1, eo an doare nemeta\u00f1 da vont tre e morlenn Brest dre ar mor. A-viskoazh eo bet un elfenn a bouez evit difenn he forzh. An ijinourien vrezel a oa bet lerc\u2019h-ouzh-lerc\u2019h a-hed ar c\u2019hantvedo\u00f9 o doa komprenet mat pegen talvoudus e oa sevel moger war ar c\u2019hrafo\u00f9 strategel war an daou du. Ar pal a oa ma vefe dibosubl d\u2019ur flodad enebourien da vont dreist ar mulgul.<\/em><\/p>\n\n\n\n<h2 class=\"wp-block-heading\" id=\"goulet-details\">Pour en savoir plus sur le goulet<\/h2>\n\n\n\n<p id=\"goulet-details\">Le goulet, long de 6000 m\u00e8tres et large de 1500 m\u00e8tres, est un bras de mer qui relie la rade de Brest \u00e0 l&rsquo;oc\u00e9an Atlantique. Il est s\u00e9par\u00e9 en son milieu par le plateau des fillettes, ce qui avec le fort courant qui le traverse rend sa navigation d\u00e9licate.<\/p>\n\n\n\n<figure class=\"wp-block-image aligncenter size-full\"><a href=\"https:\/\/www.lesvigiesduminou.bzh\/wp-content\/uploads\/2024\/03\/goulet-Gallica-BNF-Belin-J.-N.-1703-1772.png\"><img loading=\"lazy\" decoding=\"async\" width=\"664\" height=\"512\" src=\"https:\/\/www.lesvigiesduminou.bzh\/wp-content\/uploads\/2024\/03\/goulet-Gallica-BNF-Belin-J.-N.-1703-1772.png\" alt=\"\" class=\"wp-image-3195\" srcset=\"https:\/\/www.lesvigiesduminou.bzh\/wp-content\/uploads\/2024\/03\/goulet-Gallica-BNF-Belin-J.-N.-1703-1772.png 664w, https:\/\/www.lesvigiesduminou.bzh\/wp-content\/uploads\/2024\/03\/goulet-Gallica-BNF-Belin-J.-N.-1703-1772-300x231.png 300w, https:\/\/www.lesvigiesduminou.bzh\/wp-content\/uploads\/2024\/03\/goulet-Gallica-BNF-Belin-J.-N.-1703-1772-230x177.png 230w, https:\/\/www.lesvigiesduminou.bzh\/wp-content\/uploads\/2024\/03\/goulet-Gallica-BNF-Belin-J.-N.-1703-1772-350x270.png 350w, https:\/\/www.lesvigiesduminou.bzh\/wp-content\/uploads\/2024\/03\/goulet-Gallica-BNF-Belin-J.-N.-1703-1772-480x370.png 480w, https:\/\/www.lesvigiesduminou.bzh\/wp-content\/uploads\/2024\/03\/goulet-Gallica-BNF-Belin-J.-N.-1703-1772-24x19.png 24w, https:\/\/www.lesvigiesduminou.bzh\/wp-content\/uploads\/2024\/03\/goulet-Gallica-BNF-Belin-J.-N.-1703-1772-36x28.png 36w, https:\/\/www.lesvigiesduminou.bzh\/wp-content\/uploads\/2024\/03\/goulet-Gallica-BNF-Belin-J.-N.-1703-1772-48x37.png 48w\" sizes=\"auto, (max-width: 664px) 100vw, 664px\" \/><\/a><figcaption class=\"wp-element-caption\"><em><strong>Carte<\/strong> : Le goulet et de la rade de Brest, Belin JN (1703\/1772), source gallica.bnf.fr \/ BnF&nbsp;<\/em><\/figcaption><\/figure>\n\n\n\n<figure class=\"wp-block-image aligncenter size-full\"><a href=\"https:\/\/www.lesvigiesduminou.bzh\/wp-content\/uploads\/2024\/03\/Batteries_defendant_lentree_et_la_._btv1b53153657j_1-2.jpg\"><img loading=\"lazy\" decoding=\"async\" width=\"4244\" height=\"2763\" src=\"https:\/\/www.lesvigiesduminou.bzh\/wp-content\/uploads\/2024\/03\/Batteries_defendant_lentree_et_la_._btv1b53153657j_1-2.jpg\" alt=\"\" class=\"wp-image-3196\" srcset=\"https:\/\/www.lesvigiesduminou.bzh\/wp-content\/uploads\/2024\/03\/Batteries_defendant_lentree_et_la_._btv1b53153657j_1-2.jpg 4244w, https:\/\/www.lesvigiesduminou.bzh\/wp-content\/uploads\/2024\/03\/Batteries_defendant_lentree_et_la_._btv1b53153657j_1-2-300x195.jpg 300w\" sizes=\"auto, (max-width: 4244px) 100vw, 4244px\" \/><\/a><figcaption class=\"wp-element-caption\"><em><strong>Carte<\/strong> : Les batteries du goulet, 1695, source gallica.bnf.fr \/ BnF&nbsp;<\/em><\/figcaption><\/figure>\n\n\n\n<p>Du XVIIe au XXe si\u00e8cle le goulet de Brest a repr\u00e9sent\u00e9 un v\u00e9ritable verrou, prot\u00e9geant le port et les activit\u00e9s maritimes strat\u00e9giques contre les multiples menaces qui ont marqu\u00e9 ces p\u00e9riodes historiques.<\/p>\n\n\n\n<p>Au XVIIe si\u00e8cle, Vauban, c\u00e9l\u00e8bre ing\u00e9nieur militaire, a con\u00e7u des fortifications sur les deux rives du goulet pour prot\u00e9ger le port militaire des menaces ennemies. Ces structures d\u00e9fensives, comme les batteries ou les <a href=\"https:\/\/www.lesvigiesduminou.bzh\/index.php\/la-promenade-du-minou\/la-promenade-du-minou-le-fort-du-minou\/\" data-type=\"page\" data-id=\"3373\">forts du Minou<\/a>, du Mengant ou du Nevent au Nord, et ceux des Capucins, de Cornouailles et des Espagnols au Sud, formaient une ligne infranchissable, consolidant ainsi la position strat\u00e9gique du port.<\/p>\n\n\n\n<p>Au cours des conflits ult\u00e9rieurs, le goulet a maintenu son importance cruciale.<\/p>\n\n\n\n<p>Au XIXe si\u00e8cle, pour faire face \u00e0 de nouvelles menaces militaires, l&rsquo;arm\u00e9e d\u00e9cide d&rsquo;adapter l&rsquo;armement de ses forts sur le goulet et de construire un nouvel ensemble d\u00e9fensif dot\u00e9 d&rsquo;une puissance de feu impressionnante. Sur le seul littoral du Minou ce sont ainsi une vingtaine de nouveaux canons qui sont install\u00e9s dont 6 de gros calibre.<\/p>\n\n\n\n<figure class=\"wp-block-image aligncenter size-large\"><a href=\"https:\/\/www.lesvigiesduminou.bzh\/wp-content\/uploads\/2024\/03\/21-Petit-Minou.jpg\"><img loading=\"lazy\" decoding=\"async\" width=\"1024\" height=\"719\" src=\"https:\/\/www.lesvigiesduminou.bzh\/wp-content\/uploads\/2024\/03\/21-Petit-Minou-1024x719.jpg\" alt=\"\" class=\"wp-image-3212\" srcset=\"https:\/\/www.lesvigiesduminou.bzh\/wp-content\/uploads\/2024\/03\/21-Petit-Minou-1024x719.jpg 1024w, https:\/\/www.lesvigiesduminou.bzh\/wp-content\/uploads\/2024\/03\/21-Petit-Minou-300x211.jpg 300w, https:\/\/www.lesvigiesduminou.bzh\/wp-content\/uploads\/2024\/03\/21-Petit-Minou-768x540.jpg 768w, https:\/\/www.lesvigiesduminou.bzh\/wp-content\/uploads\/2024\/03\/21-Petit-Minou-1536x1079.jpg 1536w, https:\/\/www.lesvigiesduminou.bzh\/wp-content\/uploads\/2024\/03\/21-Petit-Minou-1000x702.jpg 1000w, https:\/\/www.lesvigiesduminou.bzh\/wp-content\/uploads\/2024\/03\/21-Petit-Minou-230x162.jpg 230w, https:\/\/www.lesvigiesduminou.bzh\/wp-content\/uploads\/2024\/03\/21-Petit-Minou-350x246.jpg 350w, https:\/\/www.lesvigiesduminou.bzh\/wp-content\/uploads\/2024\/03\/21-Petit-Minou-480x337.jpg 480w, https:\/\/www.lesvigiesduminou.bzh\/wp-content\/uploads\/2024\/03\/21-Petit-Minou-24x17.jpg 24w, https:\/\/www.lesvigiesduminou.bzh\/wp-content\/uploads\/2024\/03\/21-Petit-Minou-36x25.jpg 36w, https:\/\/www.lesvigiesduminou.bzh\/wp-content\/uploads\/2024\/03\/21-Petit-Minou-48x34.jpg 48w, https:\/\/www.lesvigiesduminou.bzh\/wp-content\/uploads\/2024\/03\/21-Petit-Minou.jpg 1768w\" sizes=\"auto, (max-width: 1024px) 100vw, 1024px\" \/><\/a><figcaption class=\"wp-element-caption\"><em><strong>Photo<\/strong> : Batterie de 100 mm d\u00e9fendant le goulet, fin du 19e si\u00e8cle, source : collection priv\u00e9e<\/em><\/figcaption><\/figure>\n\n\n\n<p>Durant la Seconde Guerre mondiale, les Allemands construisent au Minou un poste de commandement d&rsquo;artillerie et renforcent ainsi les d\u00e9fenses c\u00f4ti\u00e8res pour prot\u00e9ger la base sous-marine et le port militaire de Brest.<\/p>\n\n\n\n<p>Pendant la <a href=\"https:\/\/www.lesvigiesduminou.bzh\/index.php\/la-promenade-du-minou\/la-promenade-du-minou-la-tour-radar\/\" data-type=\"page\" data-id=\"3508\">Guerre Froide<\/a>, la pr\u00e9sence navale fran\u00e7aise et les sous-marins nucl\u00e9aires ont transform\u00e9 le goulet en un \u00e9l\u00e9ment essentiel de la dissuasion.<\/p>\n\n\n\n<div class=\"wp-block-columns are-vertically-aligned-center is-layout-flex wp-container-core-columns-is-layout-28f84493 wp-block-columns-is-layout-flex\">\n<div class=\"wp-block-column is-vertically-aligned-center is-layout-flow wp-block-column-is-layout-flow\">\n<div class=\"wp-block-buttons alignwide is-content-justification-space-between is-layout-flex wp-container-core-buttons-is-layout-b2891da8 wp-block-buttons-is-layout-flex\">\n<div class=\"wp-block-button has-custom-width wp-block-button__width-100 is-style-outline is-style-outline--7\"><a class=\"wp-block-button__link wp-element-button\" href=\"https:\/\/www.lesvigiesduminou.bzh\/index.php\/la-promenade-du-minou\/la-promenade-du-minou-le-mur-de-latlantique\/\">Aller \u00e0 l&rsquo;\u00e9tape 7\/10<\/a><\/div>\n<\/div>\n<\/div>\n\n\n\n<div class=\"wp-block-column is-vertically-aligned-center is-layout-flow wp-block-column-is-layout-flow\">\n<div class=\"wp-block-buttons alignfull is-content-justification-space-between is-layout-flex wp-container-core-buttons-is-layout-b2891da8 wp-block-buttons-is-layout-flex\">\n<div class=\"wp-block-button has-custom-width wp-block-button__width-100 is-style-outline is-style-outline--8\"><a class=\"wp-block-button__link wp-element-button\" href=\"https:\/\/www.lesvigiesduminou.bzh\/index.php\/la-promenade-du-minou\/la-promenade-du-minou-la-batterie-haute-de-quatre-canons-de-24-cm\/\">Aller \u00e0 l&rsquo;\u00e9tape 9\/10<\/a><\/div>\n<\/div>\n<\/div>\n<\/div>\n\n\n\n<h2 class=\"wp-block-heading\" id=\"goulet-resume-promenade\">Promenade du Minou<\/h2>\n\n\n\n<ul class=\"wp-block-list\">\n<li><a href=\"https:\/\/www.lesvigiesduminou.bzh\/index.php\/la-promenade-du-minou\/\" data-type=\"page\" data-id=\"3313\">Descriptif g\u00e9n\u00e9ral de la balade du Minou<\/a><\/li>\n\n\n\n<li><a href=\"https:\/\/www.lesvigiesduminou.bzh\/index.php\/la-promenade-du-minou\/la-promenade-du-minou-les-cables-transatlantiques-sous-marins-du-minou\/\" data-type=\"page\" data-id=\"3328\">Etape 1 : Les c\u00e2bles transatlantiques sous-marins du Minou (1869 &#8211; 1920)<\/a><\/li>\n\n\n\n<li><a href=\"https:\/\/www.lesvigiesduminou.bzh\/index.php\/la-promenade-du-minou\/la-promenade-du-minou-traez-les-engrais-marins-du-minou\/\" data-type=\"page\" data-id=\"3339\">\u00c9tape 2 : Traez, les engrais marins du Minou<\/a><\/li>\n\n\n\n<li><a href=\"https:\/\/www.lesvigiesduminou.bzh\/index.php\/la-promenade-du-minou\/la-promenade-du-minou-le-fort-du-minou\/\" data-type=\"page\" data-id=\"3373\">\u00c9tape 3 : Le fort du Minou<\/a><\/li>\n\n\n\n<li><a href=\"https:\/\/www.lesvigiesduminou.bzh\/index.php\/la-promenade-du-minou\/la-promenade-du-minou-la-rotisserie-du-minou\/\" data-type=\"page\" data-id=\"3487\">\u00c9tape 4 : La r\u00f4tisserie du Minou<\/a><\/li>\n\n\n\n<li><a href=\"https:\/\/www.lesvigiesduminou.bzh\/index.php\/la-promenade-du-minou\/la-promenade-du-minou-le-phare-du-petit-minou\/\" data-type=\"page\" data-id=\"3496\">\u00c9tape 5 : Le phare du Petit-Minou<\/a><\/li>\n\n\n\n<li><a href=\"https:\/\/www.lesvigiesduminou.bzh\/index.php\/la-promenade-du-minou\/la-promenade-du-minou-la-tour-radar\/\" data-type=\"page\" data-id=\"3508\">\u00c9tape 6 : La tour radar<\/a><\/li>\n\n\n\n<li><a href=\"https:\/\/www.lesvigiesduminou.bzh\/index.php\/la-promenade-du-minou\/la-promenade-du-minou-le-mur-de-latlantique\/\" data-type=\"page\" data-id=\"3529\">\u00c9tape 7 : le mur de l&rsquo;Atlantique<\/a><\/li>\n\n\n\n<li><a href=\"https:\/\/www.lesvigiesduminou.bzh\/index.php\/la-promenade-du-minou-le-goulet-un-verrou-de-protection-pour-le-port-de-brest\/\" data-type=\"page\" data-id=\"3235\">\u00c9tape 8 : Le goulet, un verrou de protection pour le port de Brest<\/a><\/li>\n\n\n\n<li><a href=\"https:\/\/www.lesvigiesduminou.bzh\/index.php\/la-promenade-du-minou\/la-promenade-du-minou-la-batterie-haute-de-quatre-canons-de-24-cm\/\" data-type=\"page\" data-id=\"3542\">\u00c9tape 9 : La batterie haute du Minou<\/a><\/li>\n\n\n\n<li><a href=\"https:\/\/www.lesvigiesduminou.bzh\/index.php\/la-promenade-du-minou\/la-promenade-du-minou-la-vallee-du-minou-et-les-moulins-de-porsquene\/\" data-type=\"page\" data-id=\"3545\">\u00c9tape 10 : La vall\u00e9e du Minou<\/a><\/li>\n<\/ul>\n\n\n\n<h3 class=\"wp-block-heading\">Quelques statistiques<\/h3>\n\n\n<p>Nombre de visites de cette page aujourd&rsquo;hui : 0<br \/>\nNombre total de visites de cette page : 0<\/p>\n","protected":false},"excerpt":{"rendered":"<p>\u00ab\u00a0Le goulet est \u00e0 Brest ce que le d\u00e9troit des Dardanelles est \u00e0 Constantinople\u00a0\u00bb S\u00e9bastien Le Prestre de Vauban (1633 &#8211; 1707), [&hellip;]<\/p>\n","protected":false},"author":3,"featured_media":3211,"parent":3313,"menu_order":0,"comment_status":"closed","ping_status":"closed","template":"","meta":{"footnotes":""},"class_list":["post-3235","page","type-page","status-publish","has-post-thumbnail","hentry"],"_links":{"self":[{"href":"https:\/\/www.lesvigiesduminou.bzh\/index.php\/wp-json\/wp\/v2\/pages\/3235","targetHints":{"allow":["GET"]}}],"collection":[{"href":"https:\/\/www.lesvigiesduminou.bzh\/index.php\/wp-json\/wp\/v2\/pages"}],"about":[{"href":"https:\/\/www.lesvigiesduminou.bzh\/index.php\/wp-json\/wp\/v2\/types\/page"}],"author":[{"embeddable":true,"href":"https:\/\/www.lesvigiesduminou.bzh\/index.php\/wp-json\/wp\/v2\/users\/3"}],"replies":[{"embeddable":true,"href":"https:\/\/www.lesvigiesduminou.bzh\/index.php\/wp-json\/wp\/v2\/comments?post=3235"}],"version-history":[{"count":91,"href":"https:\/\/www.lesvigiesduminou.bzh\/index.php\/wp-json\/wp\/v2\/pages\/3235\/revisions"}],"predecessor-version":[{"id":4008,"href":"https:\/\/www.lesvigiesduminou.bzh\/index.php\/wp-json\/wp\/v2\/pages\/3235\/revisions\/4008"}],"up":[{"embeddable":true,"href":"https:\/\/www.lesvigiesduminou.bzh\/index.php\/wp-json\/wp\/v2\/pages\/3313"}],"wp:featuredmedia":[{"embeddable":true,"href":"https:\/\/www.lesvigiesduminou.bzh\/index.php\/wp-json\/wp\/v2\/media\/3211"}],"wp:attachment":[{"href":"https:\/\/www.lesvigiesduminou.bzh\/index.php\/wp-json\/wp\/v2\/media?parent=3235"}],"curies":[{"name":"wp","href":"https:\/\/api.w.org\/{rel}","templated":true}]}}